{"id":112,"date":"2019-06-04T16:32:41","date_gmt":"2019-06-04T19:32:41","guid":{"rendered":"https:\/\/cienciassociais.univasf.edu.br\/?page_id=112"},"modified":"2024-10-01T15:55:22","modified_gmt":"2024-10-01T18:55:22","slug":"corpo-docente","status":"publish","type":"page","link":"https:\/\/cienciassociais.univasf.edu.br\/index.php\/corpo-docente\/","title":{"rendered":"CORPO DOCENTE"},"content":{"rendered":"\n<p align=\"justify\"><h3>Adalton Marques<\/h3>\n\n\n\n<h4 class=\"wp-block-heading\"><a rel=\"noreferrer noopener\" href=\"http:\/\/lattes.cnpq.br\/4640452160891026\" target=\"_blank\">Curr\u00edculo Lattes<\/a> <\/h4>\n\n\n\n<h4 class=\"wp-block-heading\">\n\nadalton.marques@univasf.edu.br\n\n<\/h4>\n\n\n\n<figure class=\"wp-block-image is-resized\"><img decoding=\"async\" loading=\"lazy\" src=\"https:\/\/cienciassociais.univasf.edu.br\/wp-content\/uploads\/2019\/06\/adalton-3-768x1024.jpg\" alt=\"\" class=\"wp-image-374\" style=\"width:149px;height:199px\" width=\"149\" height=\"199\" srcset=\"https:\/\/cienciassociais.univasf.edu.br\/wp-content\/uploads\/2019\/06\/adalton-3-768x1024.jpg 768w, https:\/\/cienciassociais.univasf.edu.br\/wp-content\/uploads\/2019\/06\/adalton-3-225x300.jpg 225w, https:\/\/cienciassociais.univasf.edu.br\/wp-content\/uploads\/2019\/06\/adalton-3.jpg 774w\" sizes=\"(max-width: 149px) 100vw, 149px\" \/><\/figure>\n\n\n\n<p align=\"justify\">Professor do Colegiado de Ci\u00eancias Sociais da Universidade\nFederal do Vale do S\u00e3o Francisco (UNIVASF). Realizou sua pesquisa de doutorado\nem Antropologia Social pela Universidade Federal de S\u00e3o Carlos (UFSCar), da\nqual resultou o livro \u201cHumanizar e expandir: uma genealogia da seguran\u00e7a\np\u00fablica em S\u00e3o Paulo\u201d (IBCCRIM, 2018). De sua pesquisa de mestrado em\nAntropologia Social pela Universidade de S\u00e3o Paulo (USP), resultou o livro\n\u201cCrime e proceder: um experimento antropol\u00f3gico\u201d (Alameda Editorial, 2014). Graduou-se\nem Sociologia e Pol\u00edtica pela Funda\u00e7\u00e3o Escola de Sociologia e Pol\u00edtica de S\u00e3o\nPaulo (FESPSP). \u00c9 coordenador do Krisis &#8211; Laborat\u00f3rio de Antropologia,\nFilosofia e Pol\u00edtica (UNIVASF), pesquisador do Hybris &#8211; Grupo de Estudo e\nPesquisa em Rela\u00e7\u00f5es de Poder, Conflitos e Socialidades (USP\/UFSCar) e do NuAP\n&#8211; N\u00facleo de Antropologia da Pol\u00edtica (Museu Nacional, UFRJ). Pesquisa\ncorrela\u00e7\u00f5es entre: 1) pol\u00edticas de direitos humanos, controles democr\u00e1ticos e\nseguran\u00e7a p\u00fablica; 2) saberes e estrat\u00e9gias de presos, \u201ccomandos\u201d prisionais e\ncontroles penitenci\u00e1rios; 3) pol\u00edticas de \u201cquebrada\u201d, \u201ccrime\u201d (rela\u00e7\u00e3o) e\ngest\u00f5es diferenciais de ilegalismos.<\/p>\n\n\n\n<figure class=\"wp-block-image\"><img decoding=\"async\" loading=\"lazy\" width=\"1000\" height=\"100\" src=\"https:\/\/cienciassociais.univasf.edu.br\/wp-content\/uploads\/2019\/06\/separador.png\" alt=\"\" class=\"wp-image-395\" srcset=\"https:\/\/cienciassociais.univasf.edu.br\/wp-content\/uploads\/2019\/06\/separador.png 1000w, https:\/\/cienciassociais.univasf.edu.br\/wp-content\/uploads\/2019\/06\/separador-300x30.png 300w, https:\/\/cienciassociais.univasf.edu.br\/wp-content\/uploads\/2019\/06\/separador-768x77.png 768w\" sizes=\"(max-width: 1000px) 100vw, 1000px\" \/><\/figure>\n\n\n\n<p><\/p>\n\n\n\n<p align=\"justify\"><h3>Adelson Dias de Oliveira<\/h3>\n\n\n\n<h4 class=\"wp-block-heading\"><a href=\"http:\/\/lattes.cnpq.br\/8640495876980514\" target=\"_blank\" rel=\"noreferrer noopener\" aria-label=\" (abre numa nova aba)\">Curr\u00edculo Lattes<\/a><\/h4>\n\n\n\n<p>\n\nadelson.dias@univasf.edu.br\n\n<\/p>\n\n\n\n<figure class=\"wp-block-image is-resized\"><img decoding=\"async\" loading=\"lazy\" src=\"https:\/\/cienciassociais.univasf.edu.br\/wp-content\/uploads\/2019\/06\/adelson-2.jpg\" alt=\"\" class=\"wp-image-348\" style=\"width:171px;height:209px\" width=\"171\" height=\"209\" srcset=\"https:\/\/cienciassociais.univasf.edu.br\/wp-content\/uploads\/2019\/06\/adelson-2.jpg 323w, https:\/\/cienciassociais.univasf.edu.br\/wp-content\/uploads\/2019\/06\/adelson-2-246x300.jpg 246w\" sizes=\"(max-width: 171px) 100vw, 171px\" \/><\/figure>\n\n\n\n<p align=\"justify\">Possui gradua\u00e7\u00e3o em Pedagogia &#8211; Licenciatura plena pela\nUniversidade Estadual Vale do Acara\u00fa (2005). Doutor em Educa\u00e7\u00e3o e\nContemporaneidade &#8211; Universidade do Estado da Bahia (2019). Mestre\nem Educa\u00e7\u00e3o e Contemporaneidade &#8211; Universidade do Estado da Bahia (2013).\nEspecialista em Educa\u00e7\u00e3o, Cultura e Contextualidade &#8211; Universidade do Estado da\nBahia (2010). Professor Assistente da Universidade Federal do Vale do S\u00e3o\nFrancisco &#8211; UNIVASF, Campus Juazeiro, Colegiado de Ci\u00eancias Sociais. L\u00edder do\nNUJUVES &#8211; N\u00facleo de Pesquisa em Juventudes (UNIVASF) e integrante do DIVERSO &#8211;\nGrupo de Pesquisa Doc\u00eancia, Narrativas e Diversidade &#8211; UNEB. Tem experi\u00eancia na\n\u00e1rea de Educa\u00e7\u00e3o, curr\u00edculo e doc\u00eancia, com \u00eanfase em Educa\u00e7\u00e3o popular,\nforma\u00e7\u00e3o de educadores, educa\u00e7\u00e3o contextualizada e do campo, ruralidades. \u00c9\npesquisador de tem\u00e1ticas juvenis do e no campo: Juventudes; Identidades\njuvenis; Culturas juvenis; Forma\u00e7\u00e3o de jovens no campo. Desenvolve pesquisas\ncom abordagem epistemol\u00f3gica do campo da (auto)biografia e atualmente insere-se\nno campo das pesquisas que se utilizam da Documenta\u00e7\u00e3o Narrativa de Experi\u00eancias\nPedag\u00f3gicas como perspectiva epistemol\u00f3gica e metodol\u00f3gica no universo da\npesquisa forma\u00e7\u00e3o-a\u00e7\u00e3o.<\/p>\n\n\n\n<p class=\"has-text-align-center\"> <\/p>\n\n\n\n<figure class=\"wp-block-image is-resized\"><img decoding=\"async\" loading=\"lazy\" src=\"https:\/\/cienciassociais.univasf.edu.br\/wp-content\/uploads\/2019\/06\/separador.png\" alt=\"\" class=\"wp-image-395\" style=\"width:666px;height:66px\" width=\"666\" height=\"66\" srcset=\"https:\/\/cienciassociais.univasf.edu.br\/wp-content\/uploads\/2019\/06\/separador.png 1000w, https:\/\/cienciassociais.univasf.edu.br\/wp-content\/uploads\/2019\/06\/separador-300x30.png 300w, https:\/\/cienciassociais.univasf.edu.br\/wp-content\/uploads\/2019\/06\/separador-768x77.png 768w\" sizes=\"(max-width: 666px) 100vw, 666px\" \/><\/figure>\n\n\n\n<p class=\"has-text-align-center\"> <\/p>\n\n\n\n<figure class=\"wp-block-image\"><img decoding=\"async\" loading=\"lazy\" width=\"1000\" height=\"100\" src=\"https:\/\/cienciassociais.univasf.edu.br\/wp-content\/uploads\/2019\/06\/separador.png\" alt=\"\" class=\"wp-image-395\" srcset=\"https:\/\/cienciassociais.univasf.edu.br\/wp-content\/uploads\/2019\/06\/separador.png 1000w, https:\/\/cienciassociais.univasf.edu.br\/wp-content\/uploads\/2019\/06\/separador-300x30.png 300w, https:\/\/cienciassociais.univasf.edu.br\/wp-content\/uploads\/2019\/06\/separador-768x77.png 768w\" sizes=\"(max-width: 1000px) 100vw, 1000px\" \/><\/figure>\n\n\n\n<p><\/p>\n\n\n\n<p align=\"justify\"><h3>Claudio Roberto dos Santos de Almeida<\/h3>\n\n\n\n<h4 class=\"wp-block-heading\"><a href=\"http:\/\/lattes.cnpq.br\/8902211812286390\" target=\"_blank\" rel=\"noreferrer noopener\" aria-label=\" (abre numa nova aba)\">Curr\u00edculo Lattes<\/a> <\/h4>\n\n\n\n<p>\n\nclaudio.almeida@univasf.edu.br\n\n<\/p>\n\n\n\n<figure class=\"wp-block-image is-resized\"><img decoding=\"async\" loading=\"lazy\" src=\"https:\/\/cienciassociais.univasf.edu.br\/wp-content\/uploads\/2019\/06\/sem-imagem-avatar.png\" alt=\"\" class=\"wp-image-350\" style=\"width:157px;height:157px\" width=\"157\" height=\"157\" srcset=\"https:\/\/cienciassociais.univasf.edu.br\/wp-content\/uploads\/2019\/06\/sem-imagem-avatar.png 400w, https:\/\/cienciassociais.univasf.edu.br\/wp-content\/uploads\/2019\/06\/sem-imagem-avatar-150x150.png 150w, https:\/\/cienciassociais.univasf.edu.br\/wp-content\/uploads\/2019\/06\/sem-imagem-avatar-300x300.png 300w\" sizes=\"(max-width: 157px) 100vw, 157px\" \/><\/figure>\n\n\n\n<p align=\"justify\">Cl\u00e1udio de Almeida \u00e9 doutor em Ci\u00eancias Sociais\/UFBA,\nCooordenador de A\u00e7\u00f5es Afirmativas da UNIVASF professor adjunto e pesquisador do\ncolegiado de Ci\u00eancias Sociais da Universidade Federal do Vale do S\u00e3o Francisco\n(UNIVASF), pesquisador e extensionista do N\u00facleo de Estudos Afro-Brasileiros\nAbdias do Nascimento e Ruth de Souza (NEAFRAR) da Pr\u00f3-Reitoria de Extens\u00e3o da\nUNIVASF e coordenador da Linha de A\u00e7\u00f5es Afirmativas do Observat\u00f3rio de Estudos\nem Educa\u00e7\u00e3o, Trabalho e Cultura (ETC)\/UNIVASF.<\/p>\n\n\n\n<p class=\"has-text-align-center\"><\/p>\n\n\n\n<figure class=\"wp-block-image\"><img decoding=\"async\" loading=\"lazy\" width=\"1000\" height=\"100\" src=\"https:\/\/cienciassociais.univasf.edu.br\/wp-content\/uploads\/2019\/06\/separador.png\" alt=\"\" class=\"wp-image-395\" srcset=\"https:\/\/cienciassociais.univasf.edu.br\/wp-content\/uploads\/2019\/06\/separador.png 1000w, https:\/\/cienciassociais.univasf.edu.br\/wp-content\/uploads\/2019\/06\/separador-300x30.png 300w, https:\/\/cienciassociais.univasf.edu.br\/wp-content\/uploads\/2019\/06\/separador-768x77.png 768w\" sizes=\"(max-width: 1000px) 100vw, 1000px\" \/><\/figure>\n\n\n\n<p><\/p>\n\n\n\n<p align=\"justify\"><h3>David Soares Sim\u00f5es <\/h3>\n\n\n\n<h4 class=\"wp-block-heading\"><a href=\"http:\/\/lattes.cnpq.br\/6435792992211598\" target=\"_blank\" rel=\"noreferrer noopener\" aria-label=\" (abre numa nova aba)\">Curr\u00edculo Lattes<\/a><\/h4>\n\n\n\n<p>\n\ndavid.simoes@univasf.edu.br\n\n<\/p>\n\n\n\n<figure class=\"wp-block-image is-resized\"><img decoding=\"async\" loading=\"lazy\" src=\"https:\/\/cienciassociais.univasf.edu.br\/wp-content\/uploads\/2019\/06\/david.jpg\" alt=\"\" class=\"wp-image-718\" style=\"width:187px;height:140px\" width=\"187\" height=\"140\"\/><\/figure>\n\n\n\n<p align=\"justify\">Desde 2015, desenvolve pesquisa no campo do Pensamento\nPol\u00edtico Brasileiro a respeiro do debate sobre participa\u00e7\u00e3o pol\u00edtica feminina\nno Brasil do s\u00e9culo XIX, intitulada \u201cJos\u00e9 de Alencar: pol\u00edtica g\u00eanero e\nmodernidade no Brasil\u201d. Ministra disiplinas de teoria sociol\u00f3gica nos cursos\nregulares de Licenciatura e Bacharelado em Ci\u00eancias Sociais, bem como no curso\nde Pedagogia na modalidade \u00e0 Dist\u00e2ncia.<\/p>\n\n\n\n<p> <\/p>\n\n\n\n<figure class=\"wp-block-image\"><img decoding=\"async\" loading=\"lazy\" width=\"1000\" height=\"100\" src=\"https:\/\/cienciassociais.univasf.edu.br\/wp-content\/uploads\/2019\/06\/separador.png\" alt=\"\" class=\"wp-image-395\" srcset=\"https:\/\/cienciassociais.univasf.edu.br\/wp-content\/uploads\/2019\/06\/separador.png 1000w, https:\/\/cienciassociais.univasf.edu.br\/wp-content\/uploads\/2019\/06\/separador-300x30.png 300w, https:\/\/cienciassociais.univasf.edu.br\/wp-content\/uploads\/2019\/06\/separador-768x77.png 768w\" sizes=\"(max-width: 1000px) 100vw, 1000px\" \/><\/figure>\n\n\n\n<p><\/p>\n\n\n\n<h3 class=\"wp-block-heading\">Delcides Marques<\/h3>\n\n\n\n<h4 class=\"wp-block-heading\"> <a rel=\"noreferrer noopener\" href=\"http:\/\/lattes.cnpq.br\/2407614909344634\" target=\"_blank\">Curr\u00edculo Lattes<\/a> <\/h4>\n\n\n\n<p>\n\n&nbsp;delcides.marques@univasf.edu.br\n\n<\/p>\n\n\n\n<figure class=\"wp-block-image is-resized\"><img decoding=\"async\" loading=\"lazy\" src=\"https:\/\/cienciassociais.univasf.edu.br\/wp-content\/uploads\/2019\/06\/delcides-2.jpg\" alt=\"\" class=\"wp-image-352\" style=\"width:199px;height:223px\" width=\"199\" height=\"223\"\/><\/figure>\n\n\n\n<p align=\"justify\">Professor de Antropologia no Curso de Ci\u00eancias Sociais (UNIVASF). Graduado em Sociologia e Pol\u00edtica (FESPSP), com Mestrado e Doutorado em Antropologia Social (UNICAMP). Professor do Programa de P\u00f3s-Gradua\u00e7\u00e3o em Extens\u00e3o Rural (PPGExR-UNIVASF) e do Mestrado Profissional de Sociologia em Rede Nacional (PROFSOCIO). Pesquisou tem\u00e1ticas vinculadas ao protestantismo: moralidade, prega\u00e7\u00e3o, miss\u00e3o e teologia. Atualmente produz incurs\u00f5es sobre as rela\u00e7\u00f5es entre toler\u00e2ncia religiosa e liberalismo filos\u00f3fico. Vinculado ao KRISIS \u2013 Laborat\u00f3rio de Antropologia, Filosofia e Pol\u00edtica.<\/p>\n\n\n\n<p class=\"has-text-align-center\"> <\/p>\n\n\n\n<figure class=\"wp-block-image\"><img decoding=\"async\" loading=\"lazy\" width=\"1000\" height=\"100\" src=\"https:\/\/cienciassociais.univasf.edu.br\/wp-content\/uploads\/2019\/06\/separador.png\" alt=\"\" class=\"wp-image-395\" srcset=\"https:\/\/cienciassociais.univasf.edu.br\/wp-content\/uploads\/2019\/06\/separador.png 1000w, https:\/\/cienciassociais.univasf.edu.br\/wp-content\/uploads\/2019\/06\/separador-300x30.png 300w, https:\/\/cienciassociais.univasf.edu.br\/wp-content\/uploads\/2019\/06\/separador-768x77.png 768w\" sizes=\"(max-width: 1000px) 100vw, 1000px\" \/><\/figure>\n\n\n\n<h3 class=\"wp-block-heading\">Denes Dantas Vieira<\/h3>\n\n\n\n<h4 class=\"wp-block-heading\"><a href=\"http:\/\/lattes.cnpq.br\/2197066093535835\" target=\"_blank\" rel=\"noreferrer noopener\" aria-label=\" (abre numa nova aba)\">Curr\u00edculo Lattes<\/a><\/h4>\n\n\n\n<p>denes.vieira@univasf.edu.br<\/p>\n\n\n\n<figure class=\"wp-block-image is-resized\"><img decoding=\"async\" loading=\"lazy\" src=\"https:\/\/cienciassociais.univasf.edu.br\/wp-content\/uploads\/2019\/06\/Denes-1024x768.jpg\" alt=\"\" class=\"wp-image-713\" style=\"width:210px;height:156px\" width=\"210\" height=\"156\"\/><\/figure>\n\n\n\n<p align=\"justify\">\u00c9 Graduado em Ci\u00eancias Sociais com Bacharelado e Licenciatura em Sociologia (2003), Mestre em Ci\u00eancias Sociais (2007), e Doutor em Ci\u00eancias Sociais (2013) pela Universidade Federal do Rio Grande do Norte\/UFRN. Atualmente \u00e9 professor do Colegiado de Ci\u00eancias Sociais da Universidade Federal do Vale do S\u00e3o Francisco, onde tamb\u00e9m \u00e9 membro do Programa de P\u00f3s-Gradua\u00e7\u00e3o, Doutorado, em Agroecologia e Desenvolvimento Territorial, do Programa de P\u00f3s- Gradua\u00e7\u00e3o em Ensino de Sociologia, e, Professor e Coordenador do Programa de P\u00f3s- Gradua\u00e7\u00e3o em Extens\u00e3o Rural\/PPGExR &#8211; Univasf. Tem desenvolvido pesquisa,ensino,extens\u00e3o e orienta\u00e7\u00f5es, principalmente, nos seguintes temas: Sociologia Rural com foco nas novas ruralidades, Agroecologia e produ\u00e7\u00e3o org\u00e2nica, agricultura familiar, Extens\u00e3o rural, pol\u00edticas p\u00fablicas de Desenvolvimento Rural e a teoria do soci\u00f3logo Pierre Bourdieu. <\/p>\n\n\n\n<figure class=\"wp-block-image\"><img decoding=\"async\" loading=\"lazy\" width=\"1000\" height=\"100\" src=\"https:\/\/cienciassociais.univasf.edu.br\/wp-content\/uploads\/2019\/06\/separador.png\" alt=\"\" class=\"wp-image-395\" srcset=\"https:\/\/cienciassociais.univasf.edu.br\/wp-content\/uploads\/2019\/06\/separador.png 1000w, https:\/\/cienciassociais.univasf.edu.br\/wp-content\/uploads\/2019\/06\/separador-300x30.png 300w, https:\/\/cienciassociais.univasf.edu.br\/wp-content\/uploads\/2019\/06\/separador-768x77.png 768w\" sizes=\"(max-width: 1000px) 100vw, 1000px\" \/><\/figure>\n\n\n\n<p align=\"justify\"><h3>Ednaldo Ferreira Torres <\/h3>\n\n\n\n<p>\n\nednaldo.torres@univasf.edu.br\n\n<\/p>\n\n\n\n<h4 class=\"wp-block-heading\"><a href=\"http:\/\/lattes.cnpq.br\/2087809310260080\" target=\"_blank\" rel=\"noreferrer noopener\" aria-label=\" (abre numa nova aba)\">Curr\u00edculo Lattes<\/a><\/h4>\n\n\n\n<figure class=\"wp-block-image is-resized\"><img decoding=\"async\" loading=\"lazy\" src=\"https:\/\/cienciassociais.univasf.edu.br\/wp-content\/uploads\/2019\/06\/ednaldo.jpg\" alt=\"\" class=\"wp-image-715\" style=\"width:170px;height:229px\" width=\"170\" height=\"229\"\/><\/figure>\n\n\n\n<p align=\"justify\">Doutorando em Sociologia pela Universidade Federal de\nSergipe-UFS, com enfase em Desenvolvimento S\u00f3cio-econ\u00f4mico e T\u00e9cnica, Mestrado\nem Sociologia pela Universidade Federal da Para\u00edba (2005) e Gradua\u00e7\u00e3o em\nCi\u00eancias Sociais pela Universidade Federal de Campina Grande (2003). Atualmente\nProfessor Assistente I, da UNIVASF, no Colegiado de Ci\u00eancias Sociais. Tem\nexperi\u00eancia na \u00e1rea de Sociologia, com \u00eanfase em Forma\u00e7\u00e3o de Professores,\nEduca\u00e7\u00e3o e Desenvolvimento, atuando principalmente nos seguintes temas:\neduca\u00e7\u00e3o e desenvolvimento rural e urbano, pol\u00edticas p\u00fablicas, forma\u00e7\u00e3o de\nprofessores, educa\u00e7\u00e3o b\u00e1sica, agricultura familiar, empreendedorismo e\nqualidade de vida.<\/p>\n\n\n\n<p class=\"has-text-align-center\"> <\/p>\n\n\n\n<figure class=\"wp-block-image\"><img decoding=\"async\" loading=\"lazy\" width=\"1000\" height=\"100\" src=\"https:\/\/cienciassociais.univasf.edu.br\/wp-content\/uploads\/2019\/06\/separador.png\" alt=\"\" class=\"wp-image-395\" srcset=\"https:\/\/cienciassociais.univasf.edu.br\/wp-content\/uploads\/2019\/06\/separador.png 1000w, https:\/\/cienciassociais.univasf.edu.br\/wp-content\/uploads\/2019\/06\/separador-300x30.png 300w, https:\/\/cienciassociais.univasf.edu.br\/wp-content\/uploads\/2019\/06\/separador-768x77.png 768w\" sizes=\"(max-width: 1000px) 100vw, 1000px\" \/><\/figure>\n\n\n\n<p><\/p>\n\n\n\n<p align=\"justify\"><h3>Eliana de Barros Monteiro <\/h3>\n\n\n\n<h4 class=\"wp-block-heading\"><a rel=\"noreferrer noopener\" href=\"http:\/\/lattes.cnpq.br\/6713141126914914\" target=\"_blank\">Curr\u00edculo Lattes<\/a><\/h4>\n\n\n\n<p>\n\neliana.monteiro@univasf.edu.br.\n\n<\/p>\n\n\n\n<figure class=\"wp-block-image is-resized\"><img decoding=\"async\" loading=\"lazy\" src=\"https:\/\/cienciassociais.univasf.edu.br\/wp-content\/uploads\/2019\/06\/eliana-2.jpg\" alt=\"\" class=\"wp-image-354\" style=\"width:168px;height:305px\" width=\"168\" height=\"305\" srcset=\"https:\/\/cienciassociais.univasf.edu.br\/wp-content\/uploads\/2019\/06\/eliana-2.jpg 270w, https:\/\/cienciassociais.univasf.edu.br\/wp-content\/uploads\/2019\/06\/eliana-2-165x300.jpg 165w\" sizes=\"(max-width: 168px) 100vw, 168px\" \/><\/figure>\n\n\n\n<p align=\"justify\">Possui Bacharelado em Ci\u00eancias Sociais pela Universidade\nFederal de Pernambuco (2004), Mestrado em Antropologia, pelo Programa de\nP\u00f3s-gradua\u00e7\u00e3o em Antropologia da UFPE (2008) e Doutorado em Sociologia, pelo\nPrograma de P\u00f3s-gradua\u00e7\u00e3o em Sociologia da UFPE (2014). Trabalha com pesquisas\nem Antropologia da Educa\u00e7\u00e3o, Etnologia ind\u00edgena e Etnohist\u00f3ria, com \u00eanfase nos\nseguintes temas: Etnicidade dos Povos Ind\u00edgenas no Nordeste, Diversidades,\nInterculturalidades, Educa\u00e7\u00e3o e Estado. \u00c9 Professora Adjunta I do Colegiado de\nCi\u00eancias Sociais da Universidade Federal do Vale do S\u00e3o Francisco (UNIVASF),\nmembra do N\u00facleo de Extens\u00e3o em Estudos Latinoamericanos (NEELA) e da Rede de\nPesquisas em Mem\u00f3ria, Identidade, Poder, Ambiente e Territ\u00f3rio (RAMA). <\/p>\n\n\n\n<p class=\"has-text-align-center\"> <\/p>\n\n\n\n<figure class=\"wp-block-image\"><img decoding=\"async\" loading=\"lazy\" width=\"1000\" height=\"100\" src=\"https:\/\/cienciassociais.univasf.edu.br\/wp-content\/uploads\/2019\/06\/separador.png\" alt=\"\" class=\"wp-image-395\" srcset=\"https:\/\/cienciassociais.univasf.edu.br\/wp-content\/uploads\/2019\/06\/separador.png 1000w, https:\/\/cienciassociais.univasf.edu.br\/wp-content\/uploads\/2019\/06\/separador-300x30.png 300w, https:\/\/cienciassociais.univasf.edu.br\/wp-content\/uploads\/2019\/06\/separador-768x77.png 768w\" sizes=\"(max-width: 1000px) 100vw, 1000px\" \/><\/figure>\n\n\n\n<p><\/p>\n\n\n\n<h3 class=\"wp-block-heading\">Fernando Scherer<\/h3>\n\n\n\n<h4 class=\"wp-block-heading\"><a rel=\"noreferrer noopener\" href=\"http:\/\/lattes.cnpq.br\/6820491483965371\" target=\"_blank\">Curr\u00edculo Lattes<\/a> <\/h4>\n\n\n\n<p>\n\nfernando.scherer@univasf.edu.br\n\n<\/p>\n\n\n\n<figure class=\"wp-block-image is-resized\"><img decoding=\"async\" loading=\"lazy\" src=\"https:\/\/cienciassociais.univasf.edu.br\/wp-content\/uploads\/2019\/06\/Scherer-2.jpg\" alt=\"\" class=\"wp-image-355\" style=\"width:176px;height:203px\" width=\"176\" height=\"203\" srcset=\"https:\/\/cienciassociais.univasf.edu.br\/wp-content\/uploads\/2019\/06\/Scherer-2.jpg 296w, https:\/\/cienciassociais.univasf.edu.br\/wp-content\/uploads\/2019\/06\/Scherer-2-260x300.jpg 260w\" sizes=\"(max-width: 176px) 100vw, 176px\" \/><\/figure>\n\n\n\n<p align=\"justify\">Possui doutorado em Filosofia pela Albert-Ludwigs-Universit\u00e4t\nFreiburg (2011), Alemanha; mestrado em Filosofia pela UNICAMP (2003), gradua\u00e7\u00e3o\nem Filosofia pela Universidade Estadual do Oeste do Paran\u00e1 (1999). Tem\nexperi\u00eancia na \u00e1rea de Filosofia, com \u00eanfase em \u00c9tica, Pol\u00edtica e Filosofia da Linguagem.\nDesde 30 de Agosto de 2013 \u00e9 professor efetivo de Filosofia na Univasf,\nministrando disciplinas de Filosofia da Educa\u00e7\u00e3o, Pol\u00edtica, Filosofia da\nPsicologia, Filosofia da Linguagem, \u00c9tica.<\/p>\n\n\n\n<p class=\"has-text-align-center\"> <\/p>\n\n\n\n<figure class=\"wp-block-image\"><img decoding=\"async\" loading=\"lazy\" width=\"1000\" height=\"100\" src=\"https:\/\/cienciassociais.univasf.edu.br\/wp-content\/uploads\/2019\/06\/separador.png\" alt=\"\" class=\"wp-image-395\" srcset=\"https:\/\/cienciassociais.univasf.edu.br\/wp-content\/uploads\/2019\/06\/separador.png 1000w, https:\/\/cienciassociais.univasf.edu.br\/wp-content\/uploads\/2019\/06\/separador-300x30.png 300w, https:\/\/cienciassociais.univasf.edu.br\/wp-content\/uploads\/2019\/06\/separador-768x77.png 768w\" sizes=\"(max-width: 1000px) 100vw, 1000px\" \/><\/figure>\n\n\n\n<p><\/p>\n\n\n\n<p align=\"justify\"><h3>Gabriel Pugliese &nbsp;Cardoso <\/h3>\n\n\n\n<h4 class=\"wp-block-heading\"><a rel=\"noreferrer noopener\" href=\"http:\/\/lattes.cnpq.br\/7315156500216491\" target=\"_blank\">Curr\u00edculo Lattes<\/a><\/h4>\n\n\n\n<p>\n\ngabriel.pugliese@univasf.edu.br\n\n<\/p>\n\n\n\n<figure class=\"wp-block-image is-resized\"><img decoding=\"async\" loading=\"lazy\" src=\"https:\/\/cienciassociais.univasf.edu.br\/wp-content\/uploads\/2019\/06\/gabriel-2.jpg\" alt=\"\" class=\"wp-image-356\" style=\"width:183px;height:234px\" width=\"183\" height=\"234\"\/><\/figure>\n\n\n\n<p align=\"justify\">Doutor em antropologia social pela Universidade de S\u00e3o Paulo (2015) e professor de Antropologia da Universidade Federal do Vale do S\u00e3o Francisco (UNIVASF). \u00c9 pesquisador do KRISIS \u2013 Laborat\u00f3rio de Antropologia e Pol\u00edtica (UNIVASF) e do HYBRIS \u2013 Grupo de Estudo e Pesquisa em Rela\u00e7\u00f5es de Poder, Conflitos e Socialidades (USP\/UFSCar). Recebeu da Associa\u00e7\u00e3o Brasileira de Antropologia (ABA), em 2006, o Pr\u00eamio Levi-Strauss de melhor artigo para pesquisas de gradua\u00e7\u00e3o. Esta pesquisa foi aperfei\u00e7oada e desenvolvida no mestrado e resultou no livro \u201cSobre o Caso Marie Curie. A radioatividade e a subvers\u00e3o do g\u00eanero\u201d (Alameda Editorial-FAPESP, 2012). T\u00eam interesse nas rela\u00e7\u00f5es hist\u00f3ricas entre a ci\u00eancia e pol\u00edtica, assim como nas tecnologias de poder produzidas por elas. Atualmente pesquisa as tecnologias de governo liberais das pr\u00e1ticas diet\u00e9ticas e reprodutivas, assim como sua correla\u00e7\u00e3o com os transtornos alimentares.<\/p>\n\n\n\n<p> <\/p>\n\n\n\n<figure class=\"wp-block-image\"><img decoding=\"async\" loading=\"lazy\" width=\"1000\" height=\"100\" src=\"https:\/\/cienciassociais.univasf.edu.br\/wp-content\/uploads\/2019\/06\/separador.png\" alt=\"\" class=\"wp-image-395\" srcset=\"https:\/\/cienciassociais.univasf.edu.br\/wp-content\/uploads\/2019\/06\/separador.png 1000w, https:\/\/cienciassociais.univasf.edu.br\/wp-content\/uploads\/2019\/06\/separador-300x30.png 300w, https:\/\/cienciassociais.univasf.edu.br\/wp-content\/uploads\/2019\/06\/separador-768x77.png 768w\" sizes=\"(max-width: 1000px) 100vw, 1000px\" \/><\/figure>\n\n\n\n<p align=\"justify\"><h3>Helga do Nascimento de Almeida<\/h3>\n\n\n\n<h4 class=\"wp-block-heading\"><a href=\"http:\/\/lattes.cnpq.br\/5203104446134968\" target=\"_blank\" rel=\"noreferrer noopener\" aria-label=\" (abre numa nova aba)\">Curr\u00edculo Lattes<\/a><\/h4>\n\n\n\n<p> helga.almeida@univasf.edu.br <\/p>\n\n\n\n<figure class=\"wp-block-image is-resized\"><img decoding=\"async\" loading=\"lazy\" src=\"https:\/\/cienciassociais.univasf.edu.br\/wp-content\/uploads\/2019\/08\/Helga.jpg\" alt=\"\" class=\"wp-image-743\" style=\"width:205px;height:205px\" width=\"205\" height=\"205\" srcset=\"https:\/\/cienciassociais.univasf.edu.br\/wp-content\/uploads\/2019\/08\/Helga.jpg 814w, https:\/\/cienciassociais.univasf.edu.br\/wp-content\/uploads\/2019\/08\/Helga-150x150.jpg 150w, https:\/\/cienciassociais.univasf.edu.br\/wp-content\/uploads\/2019\/08\/Helga-300x300.jpg 300w, https:\/\/cienciassociais.univasf.edu.br\/wp-content\/uploads\/2019\/08\/Helga-768x768.jpg 768w\" sizes=\"(max-width: 205px) 100vw, 205px\" \/><\/figure>\n\n\n\n<p align=\"justify\">\u00c9 doutora em Ci\u00eancia Pol\u00edtica pela Universidade Federal de Minas Gerais (2017), fez doutorado sandu\u00edche na Universit\u00e0 Degli Studi Di Roma (La Sapienza). \u00c9 mestra em Ci\u00eancia Pol\u00edtica pela Universidade Federal de Minas Gerais (2013) e graduada em Ci\u00eancias Sociais pela mesma universidade (2010). Especializada em poder legislativo e poder executivo em sua perspectiva institucional (engenharia pol\u00edtica, institucional e constitucional) e em comunica\u00e7\u00e3o pol\u00edtica e novas tecnologias de informa\u00e7\u00e3o &#8211; internet. Tamb\u00e9m tem experi\u00eancia de pesquisa em pol\u00edtica externa brasileira. Atualmente \u00e9 professora adjunta de ci\u00eancia pol\u00edtica no Colegiado de Ci\u00eancias Sociais da Universidade Federal do Vale do S\u00e3o Francisco e sub-coordenadora do Centro de Pesquisa em Pol\u00edtica e Internet (CEPPI\/UFMG).<\/p>\n\n\n\n<figure class=\"wp-block-image\"><img decoding=\"async\" loading=\"lazy\" width=\"1000\" height=\"100\" src=\"https:\/\/cienciassociais.univasf.edu.br\/wp-content\/uploads\/2019\/06\/separador.png\" alt=\"\" class=\"wp-image-395\" srcset=\"https:\/\/cienciassociais.univasf.edu.br\/wp-content\/uploads\/2019\/06\/separador.png 1000w, https:\/\/cienciassociais.univasf.edu.br\/wp-content\/uploads\/2019\/06\/separador-300x30.png 300w, https:\/\/cienciassociais.univasf.edu.br\/wp-content\/uploads\/2019\/06\/separador-768x77.png 768w\" sizes=\"(max-width: 1000px) 100vw, 1000px\" \/><\/figure>\n\n\n\n<p align=\"justify\"><h3>Jos\u00e9 Fernando Souto Junior <\/h3>\n\n\n\n<h4 class=\"wp-block-heading\"><a href=\"http:\/\/lattes.cnpq.br\/3809461647894096\" target=\"_blank\" rel=\"noreferrer noopener\" aria-label=\" (abre numa nova aba)\">Curr\u00edculo Lattes<\/a><\/h4>\n\n\n\n<p>\n\nfernando.souto@unviasf.edu.br\n\n<\/p>\n\n\n\n<figure class=\"wp-block-image is-resized\"><img decoding=\"async\" loading=\"lazy\" src=\"https:\/\/cienciassociais.univasf.edu.br\/wp-content\/uploads\/2019\/06\/fernando-2.jpg\" alt=\"\" class=\"wp-image-357\" style=\"width:211px;height:211px\" width=\"211\" height=\"211\" srcset=\"https:\/\/cienciassociais.univasf.edu.br\/wp-content\/uploads\/2019\/06\/fernando-2.jpg 480w, https:\/\/cienciassociais.univasf.edu.br\/wp-content\/uploads\/2019\/06\/fernando-2-150x150.jpg 150w, https:\/\/cienciassociais.univasf.edu.br\/wp-content\/uploads\/2019\/06\/fernando-2-300x300.jpg 300w\" sizes=\"(max-width: 211px) 100vw, 211px\" \/><\/figure>\n\n\n\n<p align=\"justify\">Possui gradua\u00e7\u00e3o em Ci\u00eancias Sociais pela Universidade\nFederal de Pernambuco (1996), mestrado em Sociologia e Antropologia pela\nUniversidade Federal do Rio de Janeiro (1999), doutorado em Hist\u00f3ria pela\nUniversidade Federal Fluminense (2005) e p\u00f3s doutorado pela Universidade de\nSussex &#8211; UK (2016). Atualmente \u00e9 Professor Associado I da Universidade Federal\ndo Vale do S\u00e3o Francisco. Tem experi\u00eancia na \u00e1rea de Sociologia, com \u00eanfase em\nSociologia do Trabalho e Sociologia do Desenvolvimento, atuando principalmente\nnos seguintes temas: sindicalismo, sindicatos, desenvolvimento.<\/p>\n\n\n\n<p> <\/p>\n\n\n\n<figure class=\"wp-block-image\"><img decoding=\"async\" loading=\"lazy\" width=\"1000\" height=\"100\" src=\"https:\/\/cienciassociais.univasf.edu.br\/wp-content\/uploads\/2019\/06\/separador.png\" alt=\"\" class=\"wp-image-395\" srcset=\"https:\/\/cienciassociais.univasf.edu.br\/wp-content\/uploads\/2019\/06\/separador.png 1000w, https:\/\/cienciassociais.univasf.edu.br\/wp-content\/uploads\/2019\/06\/separador-300x30.png 300w, https:\/\/cienciassociais.univasf.edu.br\/wp-content\/uploads\/2019\/06\/separador-768x77.png 768w\" sizes=\"(max-width: 1000px) 100vw, 1000px\" \/><\/figure>\n\n\n\n<p><\/p>\n\n\n\n<p align=\"justify\"><h3>Jos\u00e9 Herm\u00f3genes Moura da Costa <\/h3>\n\n\n\n<h4 class=\"wp-block-heading\"><a rel=\"noreferrer noopener\" href=\"http:\/\/lattes.cnpq.br\/0446672105586918\" target=\"_blank\">Curr\u00edculo Lattes<\/a><\/h4>\n\n\n\n<p>\n\nhermogenes.moura@univasf.edu.br\n\n<\/p>\n\n\n\n<figure class=\"wp-block-image is-resized\"><img decoding=\"async\" loading=\"lazy\" src=\"https:\/\/cienciassociais.univasf.edu.br\/wp-content\/uploads\/2019\/06\/herm\u00f3genes-2.jpg\" alt=\"\" class=\"wp-image-358\" style=\"width:274px;height:154px\" width=\"274\" height=\"154\" srcset=\"https:\/\/cienciassociais.univasf.edu.br\/wp-content\/uploads\/2019\/06\/herm\u00f3genes-2.jpg 479w, https:\/\/cienciassociais.univasf.edu.br\/wp-content\/uploads\/2019\/06\/herm\u00f3genes-2-300x168.jpg 300w\" sizes=\"(max-width: 274px) 100vw, 274px\" \/><\/figure>\n\n\n\n<p align=\"justify\">Antrop\u00f3logo &#8211; Licenciado e Mestre em Ci\u00eancias Sociais pela\nUniversidade Federal da Bahia, Doutor em Sociologia pela Universidade Federal\ndo Pernambuco. \u00c9 professor Adjunto I na Universidade Federal do Vale do S\u00e3o\nFrancisco (UNIVASF), lotado no Colegiado de Ci\u00eancias Sociais. Coordenador\nPedag\u00f3gico da Licenciatura em Ci\u00eancias Sociais do PRONERA\/UNIVASF . Tem\nexperi\u00eancia nas \u00e1reas da Antropologia Cl\u00e1ssica, Antropologia da Sa\u00fade,\nAntropologia do desvio, atuando principalmente nos seguintes temas:\nsocioantropologia do consumo de subst\u00e2ncias psicoativas; identidade social do\nusu\u00e1rio de &#8216;drogas&#8221;; sexualidade e sa\u00fade; significados e pr\u00e1ticas sociais\ne os processos sa\u00fade\/doen\u00e7a. Pesquisador do Laborat\u00f3rio de Pesquisas\nInterdisciplinares sobre o uso de Subst\u00e2ncias Psicoativas &#8211; LAPIS\/UNIVASF. \u00c9\ncredenciado \u00e0s P\u00f3s-gradua\u00e7\u00f5es lato sensu: Resid\u00eancia Multiprofissional em Sa\u00fade\nda Fam\u00edlia; Educa\u00e7\u00e3o do Campo. Participa de projetos de extens\u00e3o nas \u00e1reas:\nRedu\u00e7\u00e3o de Danos para o uso e abuso de subst\u00e2ncias psicoativas; forma\u00e7\u00e3o de\nprofissionais de sa\u00fade para o atendimento de usu\u00e1rios de subst\u00e2ncias\npsicoativas na perspectiva da Redu\u00e7\u00e3o de Danos; preven\u00e7\u00e3o e redu\u00e7\u00e3o de danos\npara o uso e abuso de drogas entre escolares; Pedagogia da Altern\u00e2ncia e\nEduca\u00e7\u00e3o do Campo.<br>\n<br>\n<\/p>\n\n\n\n<p> <\/p>\n\n\n\n<p> <\/p>\n\n\n\n\n\n<p> <\/p>\n\n\n\n<figure class=\"wp-block-image\"><img decoding=\"async\" loading=\"lazy\" width=\"1000\" height=\"100\" src=\"https:\/\/cienciassociais.univasf.edu.br\/wp-content\/uploads\/2019\/06\/separador.png\" alt=\"\" class=\"wp-image-395\" srcset=\"https:\/\/cienciassociais.univasf.edu.br\/wp-content\/uploads\/2019\/06\/separador.png 1000w, https:\/\/cienciassociais.univasf.edu.br\/wp-content\/uploads\/2019\/06\/separador-300x30.png 300w, https:\/\/cienciassociais.univasf.edu.br\/wp-content\/uploads\/2019\/06\/separador-768x77.png 768w\" sizes=\"(max-width: 1000px) 100vw, 1000px\" \/><\/figure>\n\n\n\n<p><\/p>\n\n\n\n<h3 class=\"wp-block-heading\">Juliana Tonche <\/h3>\n\n\n\n<h4 class=\"wp-block-heading\"><a href=\"http:\/\/lattes.cnpq.br\/9681765656054013\">Curr\u00edculo Lattes<\/a><\/h4>\n\n\n\n<p> juliana.tonche@univasf.edu.br<\/p>\n\n\n\n<p><\/p>\n\n\n\n<figure class=\"wp-block-image is-resized\"><img decoding=\"async\" loading=\"lazy\" src=\"blob:https:\/\/cienciassociais.univasf.edu.br\/fc352570-327b-4afb-b943-9a987e7c1fde\" alt=\"\" style=\"width:194px;height:194px\" width=\"194\" height=\"194\"\/><\/figure>\n\n\n\n<p align=\"justify\">Professora adjunta do Colegiado de Ci\u00eancias Sociais da Universidade Federal do Vale do S\u00e3o Francisco (UNIVASF). Possui gradua\u00e7\u00e3o em Ci\u00eancias Sociais pela Universidade Federal de S\u00e3o Carlos (UFSCar), mestrado pelo Programa de P\u00f3s-Gradua\u00e7\u00e3o em Sociologia da mesma institui\u00e7\u00e3o, doutorado pelo Programa de P\u00f3s-Gradua\u00e7\u00e3o em Sociologia da Universidade de S\u00e3o Paulo (USP), com per\u00edodo de est\u00e1gio de pesquisa no Departamento de Criminologia da Universidade de Ottawa (Canad\u00e1), junto \u00e0 Chaire de Recherche du Canada en Traditions Juridiques et Rationalit\u00e9 P\u00e9nale. Tem experi\u00eancia nas \u00e1reas da Sociologia da puni\u00e7\u00e3o e Sociologia da administra\u00e7\u00e3o de conflitos, atuando principalmente nos seguintes temas: justi\u00e7a restaurativa, sistema de justi\u00e7a criminal e viol\u00eancia contra as mulheres.<\/p>\n\n\n\n<p> <\/p>\n\n\n\n<figure class=\"wp-block-image\"><img decoding=\"async\" loading=\"lazy\" width=\"1000\" height=\"100\" src=\"https:\/\/cienciassociais.univasf.edu.br\/wp-content\/uploads\/2019\/06\/separador.png\" alt=\"\" class=\"wp-image-395\" srcset=\"https:\/\/cienciassociais.univasf.edu.br\/wp-content\/uploads\/2019\/06\/separador.png 1000w, https:\/\/cienciassociais.univasf.edu.br\/wp-content\/uploads\/2019\/06\/separador-300x30.png 300w, https:\/\/cienciassociais.univasf.edu.br\/wp-content\/uploads\/2019\/06\/separador-768x77.png 768w\" sizes=\"(max-width: 1000px) 100vw, 1000px\" \/><\/figure>\n\n\n\n<p><\/p>\n\n\n\n<p align=\"justify\"><h3>Luzania Barreto Rodrigues <\/h3>\n\n\n\n<h4 class=\"wp-block-heading\"><a href=\"http:\/\/lattes.cnpq.br\/3654059023340026\">Curr\u00edculo Lattes<\/a><\/h4>\n\n\n\n<p>\n\nluzania.rodrigues@univasf.edu.br\n\n<\/p>\n\n\n\n<figure class=\"wp-block-image is-resized\"><img decoding=\"async\" loading=\"lazy\" src=\"https:\/\/cienciassociais.univasf.edu.br\/wp-content\/uploads\/2019\/06\/luzania-2.jpg\" alt=\"\" class=\"wp-image-361\" style=\"width:236px;height:177px\" width=\"236\" height=\"177\" srcset=\"https:\/\/cienciassociais.univasf.edu.br\/wp-content\/uploads\/2019\/06\/luzania-2.jpg 343w, https:\/\/cienciassociais.univasf.edu.br\/wp-content\/uploads\/2019\/06\/luzania-2-300x225.jpg 300w\" sizes=\"(max-width: 236px) 100vw, 236px\" \/><\/figure>\n\n\n\n<p align=\"justify\">Possui gradua\u00e7\u00e3o em Ci\u00eancias Sociais pela Universidade\nFederal da Bahia (1994), mestrado em Antropologia Social pela Universidade de\nBras\u00edlia (1999) e doutorado em Ci\u00eancias Sociais pela Universidade Federal da\nBahia (2007). Tem experi\u00eancia na \u00e1rea de Antropologia, com \u00eanfase em\nAntropologia da Inf\u00e2ncia e Antropologia do Uso, Produ\u00e7\u00e3o e Com\u00e9rcio de\nSubst\u00e2ncias Psicoativas, atuando principalmente nos seguintes temas: inf\u00e2ncia,\nmeninos de rua, adolesc\u00eancia, plantio de cannabis, tr\u00e1fico de drogas, pol\u00edticas\nde drogas e sa\u00fade p\u00fablica. Realizou Est\u00e1gio P\u00f3s-Doutoral vinculada \u00e0 ARD-FC &#8211;\nAlian\u00e7a de Redu\u00e7\u00e3o de Danos F\u00e1tima Cavalcanti\/FAMEB &#8211; Faculdade de Medicina da\nBahia\/Universidade Federal da Bahia, onde desenvolveu a pesquisa\n&#8220;Modalidades e Estrat\u00e9gias de Redu\u00e7\u00e3o de Danos: uma avalia\u00e7\u00e3o comparativa\ndas a\u00e7\u00f5es da ARD-FC e da sua recep\u00e7\u00e3o por parte dos usu\u00e1rios de drogas no\nCentro Hist\u00f3rico de Salvador&#8221;, entre os meses de dezembro de 2007 e julho\nde 2008. Entre mar\u00e7o de 2017 e fevereiro de 2018, cumpriu Est\u00e1gio P\u00f3s-Doutoral\nno Programa de P\u00f3s-Gradua\u00e7\u00e3o em Ci\u00eancias Sociais da Universidade Federal de\nJuiz de Fora\/UFJF, desenvolvendo a pesquisa \u201cAdolescentes e jovens no plantio\nil\u00edcito de Cannabis e no tr\u00e1fico de drogas em tr\u00eas cidades da Regi\u00e3o do Vale do\nS\u00e3o Francisco: influ\u00eancia das motiva\u00e7\u00f5es individuais e de elementos\nestruturais\u201d. Atualmente, \u00e9 professora Associada II de Antropologia\/Colegiado\nde Ci\u00eancias Sociais e professora e coordenadora do Colegiado do Mestrado\nProfissional de Sociologia em Rede Nacional\/PROFSOCIO da Universidade Federal\ndo Vale do S\u00e3o Francisco (UNIVASF). \u00c9 coordenadora do LAPIS &#8211; Laborat\u00f3rio de\nPesquisa Interdisciplinar sobre o Uso de Subst\u00e2ncia Psicoativas e do Centro\nRegional de Refer\u00eancia sobre Drogas\/CRR da UNIVASF.<\/p>\n\n\n\n<p> <\/p>\n\n\n\n<figure class=\"wp-block-image\"><img decoding=\"async\" loading=\"lazy\" width=\"1000\" height=\"100\" src=\"https:\/\/cienciassociais.univasf.edu.br\/wp-content\/uploads\/2019\/06\/separador.png\" alt=\"\" class=\"wp-image-395\" srcset=\"https:\/\/cienciassociais.univasf.edu.br\/wp-content\/uploads\/2019\/06\/separador.png 1000w, https:\/\/cienciassociais.univasf.edu.br\/wp-content\/uploads\/2019\/06\/separador-300x30.png 300w, https:\/\/cienciassociais.univasf.edu.br\/wp-content\/uploads\/2019\/06\/separador-768x77.png 768w\" sizes=\"(max-width: 1000px) 100vw, 1000px\" \/><\/figure>\n\n\n\n<p><\/p>\n\n\n\n<p align=\"justify\"><h3>Marcelo Henrique Pereira dos Santos <\/h3>\n\n\n\n<h4 class=\"wp-block-heading\"><a href=\"http:\/\/lattes.cnpq.br\/8080466472569711\">Curr\u00edculo Lattes<\/a><\/h4>\n\n\n\n<p>\n\nmarcelo.henrique@univasf.edu.br\n\n<\/p>\n\n\n\n<figure class=\"wp-block-image is-resized\"><img decoding=\"async\" loading=\"lazy\" src=\"https:\/\/cienciassociais.univasf.edu.br\/wp-content\/uploads\/2019\/07\/IMG-20190705-WA0013-1024x576.jpg\" alt=\"\" class=\"wp-image-740\" style=\"width:260px;height:146px\" width=\"260\" height=\"146\" srcset=\"https:\/\/cienciassociais.univasf.edu.br\/wp-content\/uploads\/2019\/07\/IMG-20190705-WA0013-1024x576.jpg 1024w, https:\/\/cienciassociais.univasf.edu.br\/wp-content\/uploads\/2019\/07\/IMG-20190705-WA0013-300x169.jpg 300w, https:\/\/cienciassociais.univasf.edu.br\/wp-content\/uploads\/2019\/07\/IMG-20190705-WA0013-768x432.jpg 768w, https:\/\/cienciassociais.univasf.edu.br\/wp-content\/uploads\/2019\/07\/IMG-20190705-WA0013.jpg 1280w\" sizes=\"(max-width: 260px) 100vw, 260px\" \/><\/figure>\n\n\n\n<p align=\"justify\">Possui gradua\u00e7\u00e3o em Ci\u00eancias Sociais pela Pontif\u00edcia\nUniversidade Cat\u00f3lica de S\u00e3o Paulo (1997), mestrado em Ci\u00eancias Sociais\n(Pol\u00edtica) pela Pontif\u00edcia Universidade Cat\u00f3lica de S\u00e3o Paulo (1999) e\ndoutorado em Ci\u00eancias Sociais (Pol\u00edtica) pela Pontif\u00edcia Universidade Cat\u00f3lica\nde S\u00e3o Paulo (2005). Foi bolsista Pet\/Capes do Curso de Ci\u00eancias Sociais da\nPUC-SP. Atualmente \u00e9 professor Adjunto IV da Funda\u00e7\u00e3o Universidade Federal do\nVale do S\u00e3o Francisco. \u00c9 professor pesquisador do Mestrado Profissional em\nExtens\u00e3o Rural da UNIVASF. \u00c9 professor do Mestrado Profissional em\nAdministra\u00e7\u00e3o P\u00fablica em Rede Nacional (PROFIAP). \u00c9 professor colaborador do\nMestrado Profissional de Sociologia em Rede Nacional (PROFSOCIO). Tem\nexperi\u00eancia na \u00e1rea de Ci\u00eancia Pol\u00edtica, com \u00eanfase em Pensamento Pol\u00edtico\nBrasileiro e Pol\u00edticas P\u00fablicas, atuando principalmente nos seguintes temas:\npol\u00edtica brasileira, pol\u00edticas p\u00fablicas para a agricultura familiar, atitudes e\nideologias pol\u00edticas, Estado e governo e, an\u00e1lise institucional.&nbsp;<\/p>\n\n\n\n<p> <\/p>\n\n\n\n<figure class=\"wp-block-image\"><img decoding=\"async\" loading=\"lazy\" width=\"1000\" height=\"100\" src=\"https:\/\/cienciassociais.univasf.edu.br\/wp-content\/uploads\/2019\/06\/separador.png\" alt=\"\" class=\"wp-image-395\" srcset=\"https:\/\/cienciassociais.univasf.edu.br\/wp-content\/uploads\/2019\/06\/separador.png 1000w, https:\/\/cienciassociais.univasf.edu.br\/wp-content\/uploads\/2019\/06\/separador-300x30.png 300w, https:\/\/cienciassociais.univasf.edu.br\/wp-content\/uploads\/2019\/06\/separador-768x77.png 768w\" sizes=\"(max-width: 1000px) 100vw, 1000px\" \/><figcaption class=\"wp-element-caption\"><br><\/figcaption><\/figure>\n\n\n\n<h3 class=\"wp-block-heading\">Marc\u00edlio Dantas Brand\u00e3o<\/h3>\n\n\n\n<p><a href=\"http:\/\/lattes.cnpq.br\/2771262397317009\">Curr\u00edculo Lattes<\/a><\/p>\n\n\n\n<p>marcilio.brandao@univasf.edu.br<\/p>\n\n\n\n<figure class=\"wp-block-image is-resized\"><img decoding=\"async\" loading=\"lazy\" src=\"blob:https:\/\/cienciassociais.univasf.edu.br\/a6f13916-3441-474f-8ee2-b4502f8e8409\" alt=\"\" style=\"width:142px;height:169px\" width=\"142\" height=\"169\"\/><\/figure>\n\n\n\n<p>Soci\u00f3logo. Professor Adjunto da Universidade Federal do Vale do S\u00e3o Francisco. Professor permanente do Programa de P\u00f3s-Gradua\u00e7\u00e3o em Sociologia da UFPE. Membro de diferentes grupos de pesquisa: Direitos Humanos e Pol\u00edticas de Seguran\u00e7a P\u00fablica; Laborat\u00f3rio Social da Cannabis (LSC) e Laborat\u00f3rio de Pesquisa sobre Produ\u00e7\u00e3o, Com\u00e9rcio e Consumo de Subst\u00e2ncias Psicoativas (LAPPIS). Possui gradua\u00e7\u00e3o em Ci\u00eancias Sociais pela Universidade Federal do Cear\u00e1 (2001), mestrado e doutorado em Sociologia pela \u00c9cole des Hautes \u00c9tudes en Sciences Sociales (EHESS, 2011 e 2017). Tendo realizado doutorado em regime de co-tutela internacional, \u00e9 tamb\u00e9m doutor em sociologia pela Universidade Federal de Pernambuco (UFPE, 2017). Experiente em planejamento, gest\u00e3o e avalia\u00e7\u00e3o de pol\u00edticas p\u00fablicas sobre drogas e juventude. Investiga temas relacionados a teoria sociol\u00f3gica contempor\u00e2nea, juventudes, drogas, seguran\u00e7a, pol\u00edticas culturais, participa\u00e7\u00e3o popular e emo\u00e7\u00f5es. <\/p>\n\n\n\n<figure class=\"wp-block-image\"><img decoding=\"async\" src=\"https:\/\/cienciassociais.univasf.edu.br\/wp-content\/uploads\/2019\/06\/separador.png\" alt=\"O atributo alt desta imagem est\u00e1 vazio. O nome do arquivo \u00e9 separador.png\"\/><\/figure>\n\n\n\n<h3 class=\"wp-block-heading\">Mateus Lopes da Silva<\/h3>\n\n\n\n<p><a href=\"http:\/\/lattes.cnpq.br\/0726741473426713\">Curr\u00edculo Lattes<\/a><\/p>\n\n\n\n<p>mateus.lsilva@univasf.edu.br<\/p>\n\n\n\n<figure class=\"wp-block-image is-resized\"><img decoding=\"async\" loading=\"lazy\" src=\"blob:https:\/\/cienciassociais.univasf.edu.br\/3b018e65-eab6-497d-a2ba-13756eaaf73a\" alt=\"\" style=\"width:147px;height:190px\" width=\"147\" height=\"190\"\/><\/figure>\n\n\n\n<p>Graduado em Direito pela Universidade Federal de Pelotas. Especialista em Direito Processual Civil &#8211; Habilita\u00e7\u00e3o para Magist\u00e9rio Superior. Mestre em Direito Ambiental com \u00eanfase em Processo Decis\u00f3rio pela Universidade de Caxias do Sul e Doutor em Educa\u00e7\u00e3o Ambiental para Processos Decis\u00f3rios. Aperfei\u00e7oamento em Justice na Harvard University &#8211; filosofia pol\u00edtica e moral. Foi secret\u00e1rio Municipal de Qualidade Ambiental da Prefeitura Municipal de Pelotas-RS (2008 &#8211; 2011). Atualmente \u00e9 professor da Universidade Federal do Vale do S\u00e3o Francisco, ministrando disciplinas jur\u00eddicas e filos\u00f3ficas. <\/p>\n\n\n\n<figure class=\"wp-block-image\"><img decoding=\"async\" src=\"https:\/\/cienciassociais.univasf.edu.br\/wp-content\/uploads\/2019\/06\/separador.png\" alt=\"O atributo alt desta imagem est\u00e1 vazio. O nome do arquivo \u00e9 separador.png\"\/><\/figure>\n\n\n\n<p align=\"justify\"><h3>Maria Nacelha Ferreira Oliveira <\/h3>\n\n\n\n<h4 class=\"wp-block-heading\"><a href=\"http:\/\/lattes.cnpq.br\/3559968806166592\"> Curr\u00edculo Lattes<\/a><\/h4>\n\n\n\n<p>\n\nnacelha.oliveira@univasf.edu.br\n\n<\/p>\n\n\n\n<figure class=\"wp-block-image is-resized\"><img decoding=\"async\" loading=\"lazy\" src=\"https:\/\/cienciassociais.univasf.edu.br\/wp-content\/uploads\/2019\/06\/nacelha-2.jpg\" alt=\"\" class=\"wp-image-363\" style=\"width:206px;height:206px\" width=\"206\" height=\"206\" srcset=\"https:\/\/cienciassociais.univasf.edu.br\/wp-content\/uploads\/2019\/06\/nacelha-2.jpg 400w, https:\/\/cienciassociais.univasf.edu.br\/wp-content\/uploads\/2019\/06\/nacelha-2-150x150.jpg 150w, https:\/\/cienciassociais.univasf.edu.br\/wp-content\/uploads\/2019\/06\/nacelha-2-300x300.jpg 300w\" sizes=\"(max-width: 206px) 100vw, 206px\" \/><\/figure>\n\n\n\n<p align=\"justify\">Mestra pelo programa de p\u00f3s-gradua\u00e7\u00e3o, Mestrado em\nEduca\u00e7\u00e3o, Cultura e Territ\u00f3rios Semi\u00e1ridos &#8211; PPGESA da Universidade Estadual da\nBahia (UNEB), Licenciada em Ci\u00eancias Biol\u00f3gicas pela Universidade Regional do\nCariri -URCA (2000), Bacharel em Teologia pela Faculdade Kurios (2012),\nLicenciada em Letras \/ Libras pela Universidade Federal da Para\u00edba &#8211; UFPB\n(2013) e Especialista em Educa\u00e7\u00e3o Especial pela Faculdade Kurios (2007), possui\nprofici\u00eancia na tradu\u00e7\u00e3o\/interpreta\u00e7\u00e3o da LIBRAS\/Portugu\u00eas\/LIBRAS (PROLIBRAS\n2006, MEC &#8211; UFSC), Profici\u00eancia no Uso e no Ensino da LIBRAS (PROLIBRAS 2010,\nMEC- UFSC). Atuou como Int\u00e9rprete\/tradutora da L\u00edngua Brasileira de Sinais-\nLIBRAS no curso de Servi\u00e7o Social do Centro Universit\u00e1rio Le\u00e3o Sampaio\n(2010-2014). Integrou o quadro de docentes da FATEC Cariri como professora de\nLIBRAS (2013, 2014). Atualmente \u00e9 professora da Universidade Federal do Vale do\nS\u00e3o Francisco &#8211; UNIVASF (2014) lecionando a disciplina de Comunica\u00e7\u00e3o em\nEduca\u00e7\u00e3o &#8211; LIBRAS . Tem experi\u00eancia na \u00e1rea de Educa\u00e7\u00e3o. Interessa-se por\npesquisas voltadas para a \u00e1rea da Educa\u00e7\u00e3o de Surdos, Estudos da Tradu\u00e7\u00e3o\nLIBRAS\/L\u00edngua Portuguesa\/LIBRAS, Ensino\/aprendizagem da L\u00edngua Brasileira de\nSinais &#8211; LIBRAS.<\/p>\n\n\n\n<p> <\/p>\n\n\n\n<figure class=\"wp-block-image is-resized\"><img decoding=\"async\" loading=\"lazy\" src=\"https:\/\/cienciassociais.univasf.edu.br\/wp-content\/uploads\/2019\/06\/separador.png\" alt=\"\" class=\"wp-image-395\" style=\"width:666px;height:66px\" width=\"666\" height=\"66\" srcset=\"https:\/\/cienciassociais.univasf.edu.br\/wp-content\/uploads\/2019\/06\/separador.png 1000w, https:\/\/cienciassociais.univasf.edu.br\/wp-content\/uploads\/2019\/06\/separador-300x30.png 300w, https:\/\/cienciassociais.univasf.edu.br\/wp-content\/uploads\/2019\/06\/separador-768x77.png 768w\" sizes=\"(max-width: 666px) 100vw, 666px\" \/><\/figure>\n\n\n\n<p><\/p>\n\n\n\n<h3 class=\"wp-block-heading\">Nilton Almeida de Araujo<\/h3>\n\n\n\n<h4 class=\"wp-block-heading\"><a href=\"http:\/\/lattes.cnpq.br\/4623524698102769\">Curr\u00edculo Lattes<\/a> <\/h4>\n\n\n\n<p>\n\nnilton.almeida@univasf.edu.br\n\n<\/p>\n\n\n\n<figure class=\"wp-block-image is-resized\"><img decoding=\"async\" loading=\"lazy\" src=\"https:\/\/cienciassociais.univasf.edu.br\/wp-content\/uploads\/2019\/06\/sem-imagem-avatar-4.png\" alt=\"\" class=\"wp-image-364\" style=\"width:158px;height:158px\" width=\"158\" height=\"158\" srcset=\"https:\/\/cienciassociais.univasf.edu.br\/wp-content\/uploads\/2019\/06\/sem-imagem-avatar-4.png 400w, https:\/\/cienciassociais.univasf.edu.br\/wp-content\/uploads\/2019\/06\/sem-imagem-avatar-4-150x150.png 150w, https:\/\/cienciassociais.univasf.edu.br\/wp-content\/uploads\/2019\/06\/sem-imagem-avatar-4-300x300.png 300w\" sizes=\"(max-width: 158px) 100vw, 158px\" \/><\/figure>\n\n\n\n<p align=\"justify\">\u00c9 professor adjunto de Hist\u00f3ria do Brasil no curso de\nCi\u00eancias Sociais da Universidade Federal do Vale do S\u00e3o Francisco (UNIVASF).\nLicenciado em Hist\u00f3ria pela Universidade Estadual de Feira de Santana (UEFS,\n2002), mestre em Ensino, Filosofia e Hist\u00f3ria das Ci\u00eancias pela Universidade\nFederal da Bahia e pela Universidade Estadual de Feira de Santana (UFBA\/UEFS,\n2006) e doutor em Hist\u00f3ria Social pela Universidade Federal Fluminense (UFF, 2010).\nTem atua\u00e7\u00e3o na \u00e1rea de Hist\u00f3ria do Brasil, com \u00eanfase em Hist\u00f3ria das Ci\u00eancias,\nRela\u00e7\u00f5es Raciais no Brasil e os seguintes temas: Ci\u00eancias Agr\u00e1rias, Rec\u00f4ncavo\nBaiano, Vale do S. Francisco e hegemonia no Brasil Imp\u00e9rio e Primeira\nRep\u00fablica. Coordenador do ETC &#8211; Observat\u00f3rio de Estudos em Educa\u00e7\u00e3o, Trabalho e\nCultura (UNIVASF). Diretor do Departamento de Extens\u00e3o na Pr\u00f3-Reitoria de\nExtens\u00e3o da UNIVASF.<\/p>\n\n\n\n<p> <\/p>\n\n\n\n<figure class=\"wp-block-image\"><img decoding=\"async\" loading=\"lazy\" width=\"1000\" height=\"100\" src=\"https:\/\/cienciassociais.univasf.edu.br\/wp-content\/uploads\/2019\/06\/separador.png\" alt=\"\" class=\"wp-image-395\" srcset=\"https:\/\/cienciassociais.univasf.edu.br\/wp-content\/uploads\/2019\/06\/separador.png 1000w, https:\/\/cienciassociais.univasf.edu.br\/wp-content\/uploads\/2019\/06\/separador-300x30.png 300w, https:\/\/cienciassociais.univasf.edu.br\/wp-content\/uploads\/2019\/06\/separador-768x77.png 768w\" sizes=\"(max-width: 1000px) 100vw, 1000px\" \/><\/figure>\n\n\n\n<p><\/p>\n\n\n\n<h3 class=\"wp-block-heading\">Paula da Luz Galr\u00e3o <\/h3>\n\n\n\n<h4 class=\"wp-block-heading\"><a href=\"http:\/\/lattes.cnpq.br\/0847858337180161\">Curr\u00edculo Lattes<\/a><\/h4>\n\n\n\n<p>\n\npaula.galrao@univasf.edu.br\n\n<\/p>\n\n\n\n<figure class=\"wp-block-image is-resized\"><img decoding=\"async\" loading=\"lazy\" src=\"https:\/\/cienciassociais.univasf.edu.br\/wp-content\/uploads\/2019\/06\/paula-2.jpg\" alt=\"\" class=\"wp-image-365\" style=\"width:201px;height:203px\" width=\"201\" height=\"203\" srcset=\"https:\/\/cienciassociais.univasf.edu.br\/wp-content\/uploads\/2019\/06\/paula-2.jpg 363w, https:\/\/cienciassociais.univasf.edu.br\/wp-content\/uploads\/2019\/06\/paula-2-150x150.jpg 150w, https:\/\/cienciassociais.univasf.edu.br\/wp-content\/uploads\/2019\/06\/paula-2-297x300.jpg 297w\" sizes=\"(max-width: 201px) 100vw, 201px\" \/><\/figure>\n\n\n\n<p align=\"justify\">Paula Galr\u00e3o \u00e9 doutora em Ci\u00eancias Sociais pela Universidade\nFederal da Bahia e professora do colegiado de Ci\u00eancias Sociais da Universidade\nFederal do Vale do S\u00e3o Francisco (UNIVASF). Atualmente \u00e9 integrante do N\u00facleo\nde estudos afro-brasileiros Abdias do Nascimento-Ruth de Souza, vinculado \u00e0\nPr\u00f3-Reitoria de Extens\u00e3o da UNIVASF e pesquisadora do ETC- Observat\u00f3rio de\nEstudos em Educa\u00e7\u00e3o, Trabalho e Cultura. Desenvolve pesquisa voltada para os\nprocessos de constru\u00e7\u00e3o e efetiva\u00e7\u00e3o de pol\u00edticas p\u00fablicas na \u00e1rea de g\u00eanero na\nregi\u00e3o do Vale do S\u00e3o Francisco, e sua rela\u00e7\u00e3o com as propostas de\ndesenvolvimento para a regi\u00e3o. Seus principais temas de estudo est\u00e3o voltados\npara as \u00e1reas de Sociologia e Antropologia das rela\u00e7\u00f5es raciais e de g\u00eanero.<\/p>\n\n\n\n<p> <\/p>\n\n\n\n<figure class=\"wp-block-image\"><img decoding=\"async\" loading=\"lazy\" width=\"1000\" height=\"100\" src=\"https:\/\/cienciassociais.univasf.edu.br\/wp-content\/uploads\/2019\/06\/separador.png\" alt=\"\" class=\"wp-image-395\" srcset=\"https:\/\/cienciassociais.univasf.edu.br\/wp-content\/uploads\/2019\/06\/separador.png 1000w, https:\/\/cienciassociais.univasf.edu.br\/wp-content\/uploads\/2019\/06\/separador-300x30.png 300w, https:\/\/cienciassociais.univasf.edu.br\/wp-content\/uploads\/2019\/06\/separador-768x77.png 768w\" sizes=\"(max-width: 1000px) 100vw, 1000px\" \/><\/figure>\n\n\n\n<p><\/p>\n\n\n\n<h3 class=\"wp-block-heading\">Paulo Roberto Ramos<\/h3>\n\n\n\n<figure class=\"wp-block-gallery has-nested-images columns-default is-cropped wp-block-gallery-1 is-layout-flex wp-block-gallery-is-layout-flex\"><\/figure>\n\n\n\n<h4 class=\"wp-block-heading\"><a rel=\"noreferrer noopener\" href=\"http:\/\/lattes.cnpq.br\/9107135900230723\" target=\"_blank\">Curr\u00edculo Lattes<\/a> <\/h4>\n\n\n\n<p>\n\npaulo.ramos@univasf.edu.br\n\n<\/p>\n\n\n\n<p align=\"justify\">Gradua\u00e7\u00e3o em Ci\u00eancias Sociais. Mestrado e Doutorado em Sociologia pela Universidade Federal da Para\u00edba. Atualmente \u00e9 professor Associado do Colegiado de Ci\u00eancias Sociais e do Programa de P\u00f3s-Gradua\u00e7\u00e3o em Din\u00e2micas de Desenvolvimento do Semi\u00e1rido (PPGDiDeS) da UNIVASF. Tem experi\u00eancia nas \u00e1reas de Educa\u00e7\u00e3o, Pesquisa Cient\u00edfica, Ci\u00eancia Pol\u00edtica e Sociologia, com \u00eanfase em Sociologia do Desenvolvimento, Sociologia Ambiental, Sociologia da Sa\u00fade e Sociologia Urbana. Atua principalmente nos temas: Educa\u00e7\u00e3o Ambiental, Meio Ambiente, Desenvolvimento Sustent\u00e1vel, Interdisciplinaridade, Sa\u00fade Ambiental e M\u00eddia. Fundador e Coordenador Geral do Programa Escola Verde (escolaverde.org), aprovado pelo MEC. Ganhador do pr\u00eamio de Refer\u00eancia para Inova\u00e7\u00e3o e Criatividade na Educa\u00e7\u00e3o B\u00e1sica, do MEC. L\u00edder do Grupo de Pesquisa em Educa\u00e7\u00e3o Ambiental Interdisciplinar (CNPq). Coordenador do N\u00facleo Tem\u00e1tico de Educa\u00e7\u00e3o Ambiental Interdisciplinar (NUTEAI). Decano do Curso de Ci\u00eancias Sociais da Univasf. Coordenador do Espa\u00e7o Sala Verde da Univasf. Membro da Comiss\u00e3o de Coleta Seletiva Solid\u00e1ria, da Comiss\u00e3o Gestora de Log\u00edstica Sustent\u00e1vel e do Comit\u00ea Gestor do Programa Univasf Sustent\u00e1vel. Orientador do Programa Resid\u00eancia Pedag\u00f3gica (2020 a 2022) do Curso de Ci\u00eancias Sociais. Diretor Executivo da Revista Verde. Coordenador do Curso de Especializa\u00e7\u00e3o Lato Sensu em Educa\u00e7\u00e3o Ambiental Interdisciplinar (SEaD\/Univasf)\n.<\/p>\n\n\n\n<p> <\/p>\n\n\n\n<figure class=\"wp-block-image\"><img decoding=\"async\" loading=\"lazy\" width=\"1000\" height=\"100\" src=\"https:\/\/cienciassociais.univasf.edu.br\/wp-content\/uploads\/2019\/06\/separador.png\" alt=\"\" class=\"wp-image-395\" srcset=\"https:\/\/cienciassociais.univasf.edu.br\/wp-content\/uploads\/2019\/06\/separador.png 1000w, https:\/\/cienciassociais.univasf.edu.br\/wp-content\/uploads\/2019\/06\/separador-300x30.png 300w, https:\/\/cienciassociais.univasf.edu.br\/wp-content\/uploads\/2019\/06\/separador-768x77.png 768w\" sizes=\"(max-width: 1000px) 100vw, 1000px\" \/><\/figure>\n\n\n\n<p><\/p>\n\n\n\n<h3 class=\"wp-block-heading\">Rosicleide Ara\u00fajo de Melo<\/h3>\n\n\n\n<h4 class=\"wp-block-heading\"><a rel=\"noreferrer noopener\" href=\"http:\/\/lattes.cnpq.br\/5914116154642498\" target=\"_blank\">Curr\u00edculo Lattes<\/a> <\/h4>\n\n\n\n<p>\n\nrosicleide.melo@univasf.edu.br\n\n<\/p>\n\n\n\n<figure class=\"wp-block-image is-resized\"><img decoding=\"async\" loading=\"lazy\" src=\"https:\/\/cienciassociais.univasf.edu.br\/wp-content\/uploads\/2019\/06\/sem-imagem-avatar-5.png\" alt=\"\" class=\"wp-image-367\" style=\"width:151px;height:151px\" width=\"151\" height=\"151\" srcset=\"https:\/\/cienciassociais.univasf.edu.br\/wp-content\/uploads\/2019\/06\/sem-imagem-avatar-5.png 400w, https:\/\/cienciassociais.univasf.edu.br\/wp-content\/uploads\/2019\/06\/sem-imagem-avatar-5-150x150.png 150w, https:\/\/cienciassociais.univasf.edu.br\/wp-content\/uploads\/2019\/06\/sem-imagem-avatar-5-300x300.png 300w\" sizes=\"(max-width: 151px) 100vw, 151px\" \/><\/figure>\n\n\n\n<p align=\"justify\">Doutora em Sociologia pela Universidade Federal de\nPernambuco (UFPE), mestre em Ci\u00eancia Pol\u00edtica(2008) e especialista em Gest\u00e3o\nda Educa\u00e7\u00e3o e Pol\u00edticas de juventude (UFPE). Atualmente \u00e9 Professora Adjunta II\nda Universidade Federal do Vale do S\u00e3o Francisco (UNIVASF) atuando tamb\u00e9m como\nvice coordenadora do Mestrado Profissional em Rede em Ensino de Sociologia &#8211;\nProfSocio. Coordena tamb\u00e9m o PIBID &#8211; Programa Institucional de bolsa de\nInicia\u00e7\u00e3o \u00e0 doc\u00eancia na \u00e1rea de Sociologia e o N\u00facleo de estudos e pesquisa em\nJuventudes &#8211; Nujuves, na Univasf. Tem desenvolvido trabalhos e pesquisas nas\nseguintes \u00e1reas: pol\u00edticas p\u00fablicas educacionais, juventudes, participa\u00e7\u00e3o e\ncidadania. Tem interesse pelos seguintes temas: educa\u00e7\u00e3o,Gest\u00e3o escolar,\npol\u00edticas p\u00fablicas, juventude, inclus\u00e3o, participa\u00e7\u00e3o e cidadania.<\/p>\n\n\n\n<p> <\/p>\n\n\n\n<figure class=\"wp-block-image\"><img decoding=\"async\" loading=\"lazy\" width=\"1000\" height=\"100\" src=\"https:\/\/cienciassociais.univasf.edu.br\/wp-content\/uploads\/2019\/06\/separador.png\" alt=\"\" class=\"wp-image-395\" srcset=\"https:\/\/cienciassociais.univasf.edu.br\/wp-content\/uploads\/2019\/06\/separador.png 1000w, https:\/\/cienciassociais.univasf.edu.br\/wp-content\/uploads\/2019\/06\/separador-300x30.png 300w, https:\/\/cienciassociais.univasf.edu.br\/wp-content\/uploads\/2019\/06\/separador-768x77.png 768w\" sizes=\"(max-width: 1000px) 100vw, 1000px\" \/><\/figure>\n\n\n\n<p><\/p>\n\n\n\n<h3 class=\"wp-block-heading\">Simone Piletti Viscarra <\/h3>\n\n\n\n<h4 class=\"wp-block-heading\"><a rel=\"noreferrer noopener\" href=\"http:\/\/lattes.cnpq.br\/6090073546689041\" target=\"_blank\">Curr\u00edculo Lattes<\/a><\/h4>\n\n\n\n<p> simone.viscarra@univasf.edu.br <\/p>\n\n\n\n<figure class=\"wp-block-image is-resized\"><img decoding=\"async\" loading=\"lazy\" src=\"https:\/\/cienciassociais.univasf.edu.br\/wp-content\/uploads\/2019\/06\/simone-2.jpg\" alt=\"\" class=\"wp-image-368\" style=\"width:176px;height:132px\" width=\"176\" height=\"132\" srcset=\"https:\/\/cienciassociais.univasf.edu.br\/wp-content\/uploads\/2019\/06\/simone-2.jpg 581w, https:\/\/cienciassociais.univasf.edu.br\/wp-content\/uploads\/2019\/06\/simone-2-300x225.jpg 300w\" sizes=\"(max-width: 176px) 100vw, 176px\" \/><\/figure>\n\n\n\n<p align=\"justify\">Simone Piletti Viscarra possui doutorado em Ci\u00eancia Pol\u00edtica\npela Universidade Federal do Rio Grande do Sul, tendo realizado Doutorado\nSandu\u00edche na Universidade de Denver (2014). Adicionalmente, possui Mestrado na\nmesma \u00e1rea, gradua\u00e7\u00e3o em Ci\u00eancias Sociais pela mesma Universidade (2007) e\nespecializa\u00e7\u00e3o pela Universidade de Salamanca. Atualmente \u00e9 \u00e9 Professora de\nCi\u00eancia Pol\u00edtica na Universidade do Vale do S\u00e3o Francisco (Juazeiro-BA). Tem\nexperi\u00eancia na \u00e1rea de metodologia de pesquisa, atuando principalmente nos\nseguintes temas: capital social, cultura pol\u00edtica, democracia, institui\u00e7\u00f5es\npol\u00edticas, Estado e participa\u00e7\u00e3o pol\u00edtica. Desde de 2011 \u00e9 membro da equipe\nexecutiva da Alacip Joven.<\/p>\n\n\n\n<p> <\/p>\n\n\n\n<figure class=\"wp-block-image\"><img decoding=\"async\" loading=\"lazy\" width=\"1000\" height=\"100\" src=\"https:\/\/cienciassociais.univasf.edu.br\/wp-content\/uploads\/2019\/06\/separador.png\" alt=\"\" class=\"wp-image-395\" srcset=\"https:\/\/cienciassociais.univasf.edu.br\/wp-content\/uploads\/2019\/06\/separador.png 1000w, https:\/\/cienciassociais.univasf.edu.br\/wp-content\/uploads\/2019\/06\/separador-300x30.png 300w, https:\/\/cienciassociais.univasf.edu.br\/wp-content\/uploads\/2019\/06\/separador-768x77.png 768w\" sizes=\"(max-width: 1000px) 100vw, 1000px\" \/><\/figure>\n\n\n\n<p><\/p>\n\n\n\n<h3 class=\"wp-block-heading\">Vanderl\u00e9a Andrade Pereira<\/h3>\n\n\n\n<h4 class=\"wp-block-heading\"><a href=\"http:\/\/lattes.cnpq.br\/0173870580412280\" target=\"_blank\" rel=\"noreferrer noopener\" aria-label=\" (abre numa nova aba)\">Curr\u00edculo Lattes<\/a> <\/h4>\n\n\n\n<p>\n\nvanderlea.andrade@univasf.edu.br\n\n<\/p>\n\n\n\n<figure class=\"wp-block-image is-resized\"><img decoding=\"async\" loading=\"lazy\" src=\"https:\/\/cienciassociais.univasf.edu.br\/wp-content\/uploads\/2019\/06\/sem-imagem-avatar-6.png\" alt=\"\" class=\"wp-image-369\" style=\"width:153px;height:153px\" width=\"153\" height=\"153\" srcset=\"https:\/\/cienciassociais.univasf.edu.br\/wp-content\/uploads\/2019\/06\/sem-imagem-avatar-6.png 400w, https:\/\/cienciassociais.univasf.edu.br\/wp-content\/uploads\/2019\/06\/sem-imagem-avatar-6-150x150.png 150w, https:\/\/cienciassociais.univasf.edu.br\/wp-content\/uploads\/2019\/06\/sem-imagem-avatar-6-300x300.png 300w\" sizes=\"(max-width: 153px) 100vw, 153px\" \/><\/figure>\n\n\n\n<p align=\"justify\">Possui gradua\u00e7\u00e3o em Pedagogia com Hab. em Educa\u00e7\u00e3o de Jovens\ne Adultos e Especializa\u00e7\u00e3o em Educa\u00e7\u00e3ode Pessoas Jovens e Adultas pela\nUniversidade do Estado da Bahia. Professora Assistente da Universidade Federal\ndo Vale do S\u00e3o Francisco &#8211; Colegiado de Ci\u00eancias Sociais &#8211; Juazeiro-BA. Mestra\nem Educa\u00e7\u00e3o pela Universidade Federal do Piau\u00ed. C\u00f3-autora dos livros did\u00e1ticos\nConhecendo o Semi\u00e1rido 1 e Conhecendo o Semi\u00e1rido 2 e do livro infanto juvenil\nMundinho do Rio. Pesquisadora na \u00e1rea de Educa\u00e7\u00e3o, com \u00eanfase em curr\u00edculo,\ncultura, pr\u00e1tica pedag\u00f3gica e livro did\u00e1tico no Semi\u00e1rido, atuando tamb\u00e9m em\n\u00e1reas como: arte-educa\u00e7\u00e3o, meio ambiente, forma\u00e7\u00e3o de professores, arte,\ncotidiano e conviv\u00eancia. Integra as discuss\u00f5es da Rede de Educa\u00e7\u00e3o do Semi\u00e1rido\nBrasileiro- RESAB.<\/p>\n\n\n\n<p> <\/p>\n\n\n\n<figure class=\"wp-block-image\"><img decoding=\"async\" loading=\"lazy\" width=\"1000\" height=\"100\" src=\"https:\/\/cienciassociais.univasf.edu.br\/wp-content\/uploads\/2019\/06\/separador.png\" alt=\"\" class=\"wp-image-395\" srcset=\"https:\/\/cienciassociais.univasf.edu.br\/wp-content\/uploads\/2019\/06\/separador.png 1000w, https:\/\/cienciassociais.univasf.edu.br\/wp-content\/uploads\/2019\/06\/separador-300x30.png 300w, https:\/\/cienciassociais.univasf.edu.br\/wp-content\/uploads\/2019\/06\/separador-768x77.png 768w\" sizes=\"(max-width: 1000px) 100vw, 1000px\" \/><\/figure>\n\n\n\n<p><\/p>\n\n\n\n<h3 class=\"wp-block-heading\">Vanderlei Souza Carvalho<\/h3>\n\n\n\n<h4 class=\"wp-block-heading\"><a href=\"http:\/\/lattes.cnpq.br\/1014002286442918\">Curr\u00edculo Lattes<\/a> <\/h4>\n\n\n\n<p>\n\nvanderlei.carvalho@univasf.edu.br\n\n<\/p>\n\n\n\n<figure class=\"wp-block-image is-resized\"><img decoding=\"async\" loading=\"lazy\" src=\"https:\/\/cienciassociais.univasf.edu.br\/wp-content\/uploads\/2019\/06\/vanderlei-2.jpg\" alt=\"\" class=\"wp-image-370\" style=\"width:164px;height:250px\" width=\"164\" height=\"250\" srcset=\"https:\/\/cienciassociais.univasf.edu.br\/wp-content\/uploads\/2019\/06\/vanderlei-2.jpg 393w, https:\/\/cienciassociais.univasf.edu.br\/wp-content\/uploads\/2019\/06\/vanderlei-2-197x300.jpg 197w\" sizes=\"(max-width: 164px) 100vw, 164px\" \/><\/figure>\n\n\n\n<p align=\"justify\">Possui gradua\u00e7\u00e3o em Ci\u00eancias Sociais pela Pontif\u00edcia\nUniversidade Cat\u00f3lica de S\u00e3o Paulo &#8211; PUC-SP, mestrado em Ci\u00eancia Pol\u00edtica pela\nUniversidade Estadual de Campinas &#8211; UNICAMP e doutorado em Sociologia pelo\nPrograma de P\u00f3s Gradua\u00e7\u00e3o em Sociologia &#8211; PPGS da Universidade Federal de\nPernambuco \u2013 UFPE; \u00e9 professor Adjunto II no Curso de Ci\u00eancias Sociais e no\nPrograma de P\u00f3s Gradua\u00e7\u00e3o em Extens\u00e3o Rural \u2013 PPGExR da Univasf; tem\nexperi\u00eancia nas \u00e1reas de Sociologia e Ci\u00eancia Pol\u00edtica, com \u00eanfase em Teoria\nPol\u00edtica e Pesquisa nas \u00e1reas de Pol\u00edticas P\u00fablicas, Poder Local, Gest\u00e3o\nAmbiental e Am\u00e9rica Latina.<\/p>\n<h3><strong><a style=\"color: #ffffff;\" title=\"mersin bayan escort\" href=\"http:\/\/www.escortmersin.net\/\"><span style=\"color: #ffffff;\">mersin bayan escort<\/span><\/a><\/strong><\/h3>\n\n\n\n<p><\/p>\n\n\n\n<p><\/p>\n","protected":false},"excerpt":{"rendered":"<p>Adalton Marques Curr\u00edculo Lattes adalton.marques@univasf.edu.br Professor do Colegiado de Ci\u00eancias Sociais da Universidade Federal do Vale do S\u00e3o Francisco (UNIVASF). Realizou sua pesquisa de doutorado em Antropologia Social pela Universidade Federal de S\u00e3o Carlos (UFSCar), da qual resultou o livro \u201cHumanizar e expandir: uma genealogia da seguran\u00e7a p\u00fablica em S\u00e3o Paulo\u201d (IBCCRIM, 2018). De sua &#8230; <a title=\"CORPO DOCENTE\" class=\"read-more\" href=\"https:\/\/cienciassociais.univasf.edu.br\/index.php\/corpo-docente\/\" aria-label=\"More on CORPO DOCENTE\">Ler mais<\/a><\/p>\n","protected":false},"author":1,"featured_media":0,"parent":0,"menu_order":0,"comment_status":"closed","ping_status":"closed","template":"","meta":{"footnotes":""},"_links":{"self":[{"href":"https:\/\/cienciassociais.univasf.edu.br\/index.php\/wp-json\/wp\/v2\/pages\/112"}],"collection":[{"href":"https:\/\/cienciassociais.univasf.edu.br\/index.php\/wp-json\/wp\/v2\/pages"}],"about":[{"href":"https:\/\/cienciassociais.univasf.edu.br\/index.php\/wp-json\/wp\/v2\/types\/page"}],"author":[{"embeddable":true,"href":"https:\/\/cienciassociais.univasf.edu.br\/index.php\/wp-json\/wp\/v2\/users\/1"}],"replies":[{"embeddable":true,"href":"https:\/\/cienciassociais.univasf.edu.br\/index.php\/wp-json\/wp\/v2\/comments?post=112"}],"version-history":[{"count":59,"href":"https:\/\/cienciassociais.univasf.edu.br\/index.php\/wp-json\/wp\/v2\/pages\/112\/revisions"}],"predecessor-version":[{"id":982,"href":"https:\/\/cienciassociais.univasf.edu.br\/index.php\/wp-json\/wp\/v2\/pages\/112\/revisions\/982"}],"wp:attachment":[{"href":"https:\/\/cienciassociais.univasf.edu.br\/index.php\/wp-json\/wp\/v2\/media?parent=112"}],"curies":[{"name":"wp","href":"https:\/\/api.w.org\/{rel}","templated":true}]}}